{"id":94,"date":"2020-10-31T07:00:16","date_gmt":"2020-10-31T07:00:16","guid":{"rendered":"http:\/\/www.arztpraxis-huemer-und-braun.de\/test_wordpress\/?page_id=94"},"modified":"2021-02-04T18:56:17","modified_gmt":"2021-02-04T18:56:17","slug":"datenschutz","status":"publish","type":"page","link":"https:\/\/www.arztpraxis-huemer-und-braun.de\/?page_id=94","title":{"rendered":"Datenschutz"},"content":{"rendered":"[et_pb_section fb_built=&#8220;1&#8243; admin_label=&#8220;section&#8220; _builder_version=&#8220;3.22&#8243;][et_pb_row _builder_version=&#8220;4.7.7&#8243; _module_preset=&#8220;default&#8220;][et_pb_column type=&#8220;4_4&#8243; _builder_version=&#8220;4.7.7&#8243; _module_preset=&#8220;default&#8220;][et_pb_text content_tablet=&#8220;<h1>DATENSCHUTZ<\/h1>\n&#8220; content_phone=&#8220;<h2>Datenschutz<\/h2>\n&#8220; content_last_edited=&#8220;on|tablet&#8220; _builder_version=&#8220;4.7.7&#8243; _module_preset=&#8220;default&#8220; hover_enabled=&#8220;0&#8243; sticky_enabled=&#8220;0&#8243;]<h1>Datenschutz<\/h1>[\/et_pb_text][et_pb_text _builder_version=&#8220;4.7.7&#8243; _module_preset=&#8220;default&#8220;]<p><strong><em><u>Hinweise zur Datenverarbeitung<\/u><\/em><\/strong><\/p>\n<p>Sehr geehrte Patientin, sehr geehrter Patient,<br \/> der Schutz Ihrer personenbezogenen Daten ist uns wichtig. Aufgrund neuer Datenschutzbestimmungen der EU-Datenschutz Grundverordnung (DS-GVO) und des Bundesdatenschutzgesetztes (BDSG) sind wir verpflichtet, Sie dar\u00fcber zu informieren, zu welchem Zweck unsere Praxis Ihre Daten erhebt, speichert oder weiterleitet und welche Rechte Sie als betroffener Patient haben.<\/p>\n<p><strong><u>Verantwortlich f\u00fcr die Verarbeitung Ihrer Daten ist:<\/u><\/strong><\/p>\n<p>Praxis Braun und Huemer , Brannenburger Stra\u00dfe 3a, 83131 Nussdorf<br \/> Tel: 08034 40 86 , Fax: 08034 45 10,<br \/> e-mail: <a href=\"mailto:praxis.braun.huemer@t-online.de\">praxis.braun.huemer@t-online.de<\/a><\/p>\n<p>Die betriebliche Datenschutzbeauftragte der Praxis Braun und Huemer ist Frau Osterauer, Regina unter der o.g. Anschrift beziehungsweise unter der oben genannten E-mail erreichbar.<\/p>\n<p><strong><u>Art und Umfang der von Ihnen erhobenen und gespeicherten Daten sowie Art und Zweck und deren Verwendung<\/u><\/strong><\/p>\n<p>Wenn Sie Patient bei uns sind, erheben wir folgende Informationen:<\/p>\n<ul>\n<li>Anrede, Vorname, Nachname<\/li>\n<li>Geburtsdatum<\/li>\n<li>Familienstand<\/li>\n<li>Krankenversicherung, Krankenversicherungsnummer<\/li>\n<li>Anschrift<\/li>\n<li>Telefonnummer (Festnetz\/Mobilfunk)<\/li>\n<li>Emailadressen (erfragen wir nicht, sollten Sie sich aber per E-mail an uns wenden, so wird die Adresse gespeichert)<\/li>\n<li>Im Rahmen des Arztgespr\u00e4ches erheben wir weitere Daten, die der Krankheitsabkl\u00e4rung, Diagnosefindung und Therapieempfehlung dienen: Gesundheitsdaten (Vorerkrankungen, Impfstatus, Vorerkrankung, Vorgeschichte der Erkrankung, Beschwerden, Diagnosen, Therapievorschl\u00e4ge, Befunde)<\/li>\n<\/ul>\n<p><!-- \/wp:post-content --><\/p>\n<p>Hierzu verarbeiten wir neben der o.g. Personenbezogenen Daten, insbesondere Ihre Gesundheitsdaten, die wir oder andere \u00c4rzte (z.B. Fach\u00e4rzte, zu denen Sie \u00fcberwiesen werden) erheben. Auch andere \u00c4rzte, Kliniken oder Psychotherapeuten, bei denen Sie in Behandlung sind, k\u00f6nnen uns zu diesen Zwecken solche Daten zur Verf\u00fcgung stellen (z.B. Arztbriefe, R\u00f6ngtenbefunde, Laborwerte). Ebenso Physiotherapeuten (Bericht nach physik. Therapie).<\/p>\n<p>Die Erhebung dieser Daten ist notwendig, um den Behandlungsvertrag mit Ihnen und die damit verbunden Pflichten zu erf\u00fcllen. Dies gilt insbesondere f\u00fcr die Erhebung Ihrer Gesundheitsdaten. Ohne diese Informationen ist eine sorgf\u00e4ltige Behandlung nicht m\u00f6glich. Wir erheben KEINE Daten bei Besuch unserer Homepage, wir speichern keine Kontodaten, z.B. bei Bank\u00fcberweisungen. Die Abrechnung bei Privatrechnungen wird von unserem Personal gemacht und wird nicht an Dritte ausgelagert.<\/p>\n<p><strong><u>Abspeicherung der Daten<\/u><\/strong><\/p>\n<p>Die von uns erhobenen personenbezogenen Daten werden bis zum Ablauf der gesetzlichen Aufbewahrungspflicht gespeichert und danach gel\u00f6scht. Wir sind verpflichtet, ihre Daten mindestens 10 Jahre nach Abschluss der Behandlung aufzubewahren. In besonderen F\u00e4llen k\u00f6nnen sich auch l\u00e4ngere Aufbewahrungsfristen ergeben, etwa bei R\u00f6ngtenaufnahmen; hier sind es 30 Jahre.<\/p>\n<p>Im \u00dcbrigen bewahren wir Ihre personenbezogenen Daten nur solang auf, wie dies f\u00fcr die Durchf\u00fchrung der Behandlung und haus\u00e4rztlichen, Betreuung erforderlich ist.<\/p>\n<p><strong><u>Weitergabe von Daten an Dritte \u2013 wer bekommt die Daten?<\/u><\/strong><\/p>\n<p>Alle Mitarbeiter, auch das Reinigungspersonal unserer Praxis unterliegen der Verschwiegenheit, sie wurden von uns aufgekl\u00e4rt, geschult und haben eine Schweigepflichtserkl\u00e4rung unterschrieben. Im Rahmen dieser Schweigepflicht\/\u00e4rztlichen Schweigepflicht werden keine Ausk\u00fcnfte an z.B. Familienangeh\u00f6rige oder Arbeitgeber gegeben. Nur bei der Behandlung minderj\u00e4hriger Kinder werden die Befunde mit den Eltern kommuniziert, bei der Behandlung von Jugendlichen k\u00f6nnen auf ausdr\u00fccklichen Wunsch des Jugendlichen und unter bestimmten Umst\u00e4nden auch Schweigepflichtsituationen gegen\u00fcber den Eltern bestehen (dies betrifft aber keine lebensbedrohlichen Situationen).<\/p>\n<p>Wir \u00fcbermitteln Ihre personenbezogenen Daten nur dann an Dritte, wenn dies gesetzlich erlaubt ist oder Sie eingewilligt haben. Empf\u00e4nger Ihrer personenbezogenen Daten k\u00f6nnen vor allem andere \u00c4rzte\/Psychotherapeuten (siehe II) sein.<\/p>\n<p>Zum Zwecke der Abrechnung der bei Ihnen erbrachten Leistungen, zur Kl\u00e4rung von sich zu Ihrem Versicherungsverh\u00e4ltnis ergebenden Fragen werden die daf\u00fcr notwendigen Daten auch KV oder Krankenkassen weitergeleitet. Anfragen vom medizinischen Dienst der Krankenkasse beantworten wir nur nach R\u00fccksprache mit Ihnen als Patienten. Bei Anfragen von Versicherungsunternehmen (z.B. private Unfallversicherungen, Lebensversicherung) mu\u00df sowieso immer ein schriftl. Einverst\u00e4ndnis und eine Schweigepflichtsentbindung von Ihnen vorliegen, sonst werden diese Anfragen prinzipiell nicht beantwortet.<\/p>\n<p><strong><u>Betroffenenrechte \u2013 welche Rechte haben Sie als Patient?<\/u><\/strong><\/p>\n<p>Sie haben das Recht:<\/p>\n<ul>\n<li>gem\u00e4\u00df Art. 7 Abs. 3 DS-GVO Ihre einmal erteilte Einwilligung (z.B. bei Abrechnung durch uns zu widerrufen. Dies hat zur Folge, dass wir die Datenverarbeitung, die auf dieser Einwilligung beruhte, f\u00fcr die Zukunft nicht mehr fortf\u00fchren d\u00fcrfen.(da wir in der Praxis abrechnen und nicht auslagern, trifft dies nicht auf uns zu);<\/li>\n<li>gem\u00e4\u00df Art. 15 DS-GVO Auskunft \u00fcber Ihre von uns verarbeiteten personenbezogenen Daten zu verlangen. Insbesondere k\u00f6nnen Sie Auskunft \u00fcber die Verarbeitungszwecke die Kategorie der personenbezogenen Daten, die Kategorien von Empf\u00e4ngern, gegen\u00fcber denen Ihre Daten offengelegt wurden oder werden, die geplante Speicherdauer, das Bestehen eines Rechts auf Berichtigung, L\u00f6schung, Einschr\u00e4nkung der Verarbeitung oder Widerspruch, das Bestehen eines Beschwerderechts, die Herkunft ihrer Daten, sofern diese nicht bei uns erhoben wurden, sowie \u00fcber das Bestehen einer automatisierten Entscheidungsfindung einschlie\u00dflich Profiling und ggf. aussagekr\u00e4ftigen Informationen zu deren Einzelheiten verlangen;<\/li>\n<li>gem\u00e4\u00df Art. 17 DS-GVO die L\u00f6schung Ihrer bei uns gespeicherten personenbezogenen Daten zu verlangen, soweit nicht die Verarbeitung zur Aus\u00fcbung des Rechts auf freie Meinungs\u00e4u\u00dferung und Information, zur Erf\u00fcllung einer rechtlichen Verpflichtung, aus Gr\u00fcnden des \u00f6ffentlichen Interesses erforderlich ist;<\/li>\n<li>gem\u00e4\u00df Art. 18 DS-GVO die Einschr\u00e4nkung der Verarbeitung Ihrer personenbezogenen Daten zu verlangen, soweit die Richtigkeit der Daten von Ihnen bestritten wird, die Verarbeitung unrechtm\u00e4\u00dfig ist, Sie aber deren L\u00f6schung ablehnen und wir die Daten nicht mehr ben\u00f6tigen, Sie jedoch diese zur Geltendmachung, Aus\u00fcbung oder Verteidigung von Rechtsanspr\u00fcchen ben\u00f6tigen oder Sie gem\u00e4\u00df Art. 21 DSGO Widerspruch gegen die Verarbeitung eingelegt haben;<\/li>\n<li>gem\u00e4\u00df Art. 16 DS-GVO unverz\u00fcglich die Berichtigung unrichtiger oder Vervollst\u00e4ndigung Ihrer bei uns gespeicherten personenbezogenen Daten zu verlangen;<\/li>\n<li>gem\u00e4\u00df Art. 20 DS-GVO Ihre personenbezogenen Daten, die Sie uns bereitgestellt haben, in einem strukturierten, g\u00e4ngigen und maschinenlesbaren Format zu erhalten oder die \u00dcbermittlung an einen anderen Verantwortlichen zu verlangen;<\/li>\n<li>gem\u00e4\u00df Art 21 DS-GVO Widerspruch gegen die Verarbeitung Ihrer personenbezogenen Daten einzulegen, soweit daf\u00fcr Gr\u00fcnde vorliegen, die sich aus Ihrer besonderen Situation ergeben und<\/li>\n<li>gem\u00e4\u00df Art. 77 DS-GVO sich bei einer Aufsichtsbeh\u00f6rde zu beschweren. In der Regel k\u00f6nnen Sie sich hierf\u00fcr an die Aufsichtsbeh\u00f6rde Ihres \u00fcblichen Aufenthaltsortes oder Arbeitsplatzes oder unseres Verbandssitzes wenden.<\/li>\n<\/ul>\n<p><!-- \/wp:list --><\/p>\n<p><!-- wp:paragraph --><\/p>\n<p>Die f\u00fcr uns zust\u00e4ndige Datenschutzbeh\u00f6rde ist:<\/p>\n<p>Name: Bayerisches Landesamt f\u00fcr Datenschutzaufsicht<\/p>\n<p>Anschrift: Promenade 27, 91522 Ansbach<\/p>\n<p><strong><u>Allgemeine Rechtsgrundlagen<\/u><\/strong><\/p>\n<p>Rechtsgrundlagen f\u00fcr die Verarbeitung Ihrer Daten ist Artikel 9 Absatz 2lit. h) DS-GVO in Verbindung mit \u00a722 Abs. 1 Nr. 1 lit. b) BDSG. Bei Fragen k\u00f6nnen Sie sich gern an uns wenden.<\/p>\n<p><!-- wp:heading {\"level\":5} --><\/p>\n<p><!-- \/wp:heading --><\/p>\n<p><!-- wp:paragraph --><\/p>[\/et_pb_text][\/et_pb_column][\/et_pb_row][\/et_pb_section]","protected":false},"excerpt":{"rendered":"<p>[et_pb_section fb_built=&#8220;1&#8243; admin_label=&#8220;section&#8220; _builder_version=&#8220;3.22&#8243;][et_pb_row _builder_version=&#8220;4.7.7&#8243; _module_preset=&#8220;default&#8220;][et_pb_column type=&#8220;4_4&#8243; _builder_version=&#8220;4.7.7&#8243; _module_preset=&#8220;default&#8220;][et_pb_text content_tablet=&#8220; DATENSCHUTZ &#8220; content_phone=&#8220; Datenschutz &#8220; content_last_edited=&#8220;on|tablet&#8220; _builder_version=&#8220;4.7.7&#8243; _module_preset=&#8220;default&#8220; hover_enabled=&#8220;0&#8243; sticky_enabled=&#8220;0&#8243;] Datenschutz [\/et_pb_text][et_pb_text _builder_version=&#8220;4.7.7&#8243; _module_preset=&#8220;default&#8220;] Hinweise zur Datenverarbeitung Sehr geehrte Patientin, sehr geehrter Patient, der Schutz Ihrer personenbezogenen Daten ist uns wichtig. Aufgrund neuer Datenschutzbestimmungen der EU-Datenschutz Grundverordnung (DS-GVO) und des Bundesdatenschutzgesetztes (BDSG) sind wir verpflichtet, [&hellip;]<\/p>\n","protected":false},"author":1,"featured_media":0,"parent":0,"menu_order":90,"comment_status":"closed","ping_status":"closed","template":"","meta":{"_et_pb_use_builder":"on","_et_pb_old_content":"<!-- wp:html -->\n<br>\n<!-- \/wp:html -->\n\n<!-- wp:heading {\"level\":5} -->\n<h5><strong><em><u>Hinweise zur Datenverarbeitung<\/u><\/em><\/strong><\/h5>\n<!-- \/wp:heading -->\n\n<!-- wp:paragraph -->\n<p>Sehr geehrte Patientin, sehr geehrter Patient,<br>der Schutz Ihrer personenbezogenen Daten ist uns wichtig. Aufgrund neuer Datenschutzbestimmungen der EU-Datenschutz Grundverordnung (DS-GVO) und des Bundesdatenschutzgesetztes (BDSG) sind wir verpflichtet, Sie dar\u00fcber zu informieren, zu welchem Zweck unsere Praxis Ihre Daten erhebt, speichert oder weiterleitet und welche Rechte Sie als betroffener Patient haben.<\/p>\n<!-- \/wp:paragraph -->\n\n<!-- wp:heading {\"level\":5} -->\n<h5><strong><u>Verantwortlich f\u00fcr die Verarbeitung Ihrer Daten ist:<\/u><\/strong><\/h5>\n<!-- \/wp:heading -->\n\n<!-- wp:paragraph -->\n<p>Praxis Braun und Huemer , Brannenburger Stra\u00dfe 3a, 83131 Nussdorf<br>Tel: 08034 40 86 , Fax: 08034 45 10,<br>e-mail: praxis.braun.huemer@t-online.de<\/p>\n<!-- \/wp:paragraph -->\n\n<!-- wp:paragraph -->\n<p>Die betriebliche Datenschutzbeauftragte der Praxis Braun und Huemer ist Frau Osterauer, Regina unter der o.g. Anschrift beziehungsweise unter der oben genannten E-mail erreichbar.<\/p>\n<!-- \/wp:paragraph -->\n\n<!-- wp:heading {\"level\":5} -->\n<h5><strong><u>Art und Umfang der von Ihnen erhobenen und gespeicherten Daten sowie Art und Zweck und deren Verwendung<\/u><\/strong><\/h5>\n<!-- \/wp:heading -->\n\n<!-- wp:paragraph -->\n<p>Wenn Sie Patient bei uns sind, erheben wir folgende Informationen:<\/p>\n<!-- \/wp:paragraph -->\n\n<!-- wp:list -->\n<ul><li>Anrede, Vorname, Nachname<\/li><li>Geburtsdatum<\/li><li>Familienstand<\/li><li>Krankenversicherung, Krankenversicherungsnummer<\/li><li>Anschrift<\/li><li>Telefonnummer (Festnetz\/Mobilfunk)<\/li><li>Emailadressen (erfragen wir nicht, sollten Sie sich aber per E-mail an uns wenden, so wird die Adresse gespeichert)<\/li><li>Im Rahmen des Arztgespr\u00e4ches erheben wir weitere Daten, die der Krankheitsabkl\u00e4rung, Diagnosefindung und Therapieempfehlung dienen: Gesundheitsdaten (Vorerkrankungen, Impfstatus, Vorerkrankung, Vorgeschichte der Erkrankung, Beschwerden, Diagnosen, Therapievorschl\u00e4ge, Befunde)<\/li><\/ul>\n<!-- \/wp:list -->\n\n<!-- wp:html -->\n<br>\n<!-- \/wp:html -->\n\n<!-- wp:paragraph -->\n<p>Hierzu verarbeiten wir neben der o.g. Personenbezogenen Daten, insbesondere Ihre Gesundheitsdaten, die wir oder andere \u00c4rzte (z.B. Fach\u00e4rzte, zu denen Sie \u00fcberwiesen werden) erheben. Auch andere \u00c4rzte, Kliniken oder Psychotherapeuten, bei denen Sie in Behandlung sind, k\u00f6nnen uns zu diesen Zwecken solche Daten zur Verf\u00fcgung stellen (z.B. Arztbriefe, R\u00f6ngtenbefunde, Laborwerte). Ebenso Physiotherapeuten (Bericht nach physik. Therapie).<\/p>\n<!-- \/wp:paragraph -->\n\n<!-- wp:paragraph -->\n<p>Die Erhebung dieser Daten ist notwendig, um den Behandlungsvertrag mit Ihnen und die damit verbunden Pflichten zu erf\u00fcllen. Dies gilt insbesondere f\u00fcr die Erhebung Ihrer Gesundheitsdaten. Ohne diese Informationen ist eine sorgf\u00e4ltige Behandlung nicht m\u00f6glich. Wir erheben KEINE Daten bei Besuch unserer Homepage, wir speichern keine Kontodaten, z.B. bei Bank\u00fcberweisungen. Die Abrechnung bei Privatrechnungen wird von unserem Personal gemacht und wird nicht an Dritte ausgelagert.<\/p>\n<!-- \/wp:paragraph -->\n\n<!-- wp:heading {\"level\":5} -->\n<h5><strong><u>Abspeicherung der Daten<\/u><\/strong><\/h5>\n<!-- \/wp:heading -->\n\n<!-- wp:paragraph -->\n<p>Die von uns erhobenen personenbezogenen Daten werden bis zum Ablauf der gesetzlichen Aufbewahrungspflicht gespeichert und danach gel\u00f6scht. Wir sind verpflichtet, ihre Daten mindestens 10 Jahre nach Abschluss der Behandlung aufzubewahren. In besonderen F\u00e4llen k\u00f6nnen sich auch l\u00e4ngere Aufbewahrungsfristen ergeben, etwa bei R\u00f6ngtenaufnahmen; hier sind es 30 Jahre.<\/p>\n<!-- \/wp:paragraph -->\n\n<!-- wp:paragraph -->\n<p>Im \u00dcbrigen bewahren wir Ihre personenbezogenen Daten nur solang auf, wie dies f\u00fcr die Durchf\u00fchrung der Behandlung und haus\u00e4rztlichen, Betreuung erforderlich ist.<\/p>\n<!-- \/wp:paragraph -->\n\n<!-- wp:heading {\"level\":5} -->\n<h5><strong><u>Weitergabe von Daten an Dritte \u2013 wer bekommt die Daten?<\/u><\/strong><\/h5>\n<!-- \/wp:heading -->\n\n<!-- wp:paragraph -->\n<p>Alle Mitarbeiter, auch das Reinigungspersonal unserer Praxis unterliegen der Verschwiegenheit, sie wurden von uns aufgekl\u00e4rt, geschult und haben eine Schweigepflichtserkl\u00e4rung unterschrieben. Im Rahmen dieser Schweigepflicht\/\u00e4rztlichen Schweigepflicht werden keine Ausk\u00fcnfte an z.B. Familienangeh\u00f6rige oder Arbeitgeber gegeben. Nur bei der Behandlung minderj\u00e4hriger Kinder werden die Befunde mit den Eltern kommuniziert, bei der Behandlung von Jugendlichen k\u00f6nnen auf ausdr\u00fccklichen Wunsch des Jugendlichen und unter bestimmten Umst\u00e4nden auch Schweigepflichtsituationen gegen\u00fcber den Eltern bestehen (dies betrifft aber keine lebensbedrohlichen Situationen).<\/p>\n<!-- \/wp:paragraph -->\n\n<!-- wp:paragraph -->\n<p>Wir \u00fcbermitteln Ihre personenbezogenen Daten nur dann an Dritte, wenn dies gesetzlich erlaubt ist oder Sie eingewilligt haben. Empf\u00e4nger Ihrer personenbezogenen Daten k\u00f6nnen vor allem andere \u00c4rzte\/Psychotherapeuten (siehe II) sein.<\/p>\n<!-- \/wp:paragraph -->\n\n<!-- wp:paragraph -->\n<p>Zum Zwecke der Abrechnung der bei Ihnen erbrachten Leistungen, zur Kl\u00e4rung von sich zu Ihrem Versicherungsverh\u00e4ltnis ergebenden Fragen werden die daf\u00fcr notwendigen Daten auch KV oder Krankenkassen weitergeleitet. Anfragen vom medizinischen Dienst der Krankenkasse beantworten wir nur nach R\u00fccksprache mit Ihnen als Patienten. Bei Anfragen von Versicherungsunternehmen (z.B. private Unfallversicherungen, Lebensversicherung) mu\u00df sowieso immer ein schriftl. Einverst\u00e4ndnis und eine Schweigepflichtsentbindung von Ihnen vorliegen, sonst werden diese Anfragen prinzipiell nicht beantwortet.<\/p>\n<!-- \/wp:paragraph -->\n\n<!-- wp:heading {\"level\":5} -->\n<h5><strong><u>Betroffenenrechte \u2013 welche Rechte haben Sie als Patient?<\/u><\/strong><\/h5>\n<!-- \/wp:heading -->\n\n<!-- wp:paragraph -->\n<p>Sie haben das Recht:<\/p>\n<!-- \/wp:paragraph -->\n\n<!-- wp:list -->\n<ul><li>gem\u00e4\u00df Art. 7 Abs. 3 DS-GVO Ihre einmal erteilte Einwilligung (z.B. bei Abrechnung durch uns zu widerrufen. Dies hat zur Folge, dass wir die Datenverarbeitung, die auf dieser Einwilligung beruhte, f\u00fcr die Zukunft nicht mehr fortf\u00fchren d\u00fcrfen.(da wir in der Praxis abrechnen und nicht auslagern, trifft dies nicht auf uns zu);<\/li><li>gem\u00e4\u00df Art. 15 DS-GVO Auskunft \u00fcber Ihre von uns verarbeiteten personenbezogenen Daten zu verlangen. Insbesondere k\u00f6nnen Sie Auskunft \u00fcber die Verarbeitungszwecke die Kategorie der personenbezogenen Daten, die Kategorien von Empf\u00e4ngern, gegen\u00fcber denen Ihre Daten offengelegt wurden oder werden, die geplante Speicherdauer, das Bestehen eines Rechts auf Berichtigung, L\u00f6schung, Einschr\u00e4nkung der Verarbeitung oder Widerspruch, das Bestehen eines Beschwerderechts, die Herkunft ihrer Daten, sofern diese nicht bei uns erhoben wurden, sowie \u00fcber das Bestehen einer automatisierten Entscheidungsfindung einschlie\u00dflich Profiling und ggf. aussagekr\u00e4ftigen Informationen zu deren Einzelheiten verlangen;<\/li><li>gem\u00e4\u00df Art. 17 DS-GVO die L\u00f6schung Ihrer bei uns gespeicherten personenbezogenen Daten zu verlangen, soweit nicht die Verarbeitung zur Aus\u00fcbung des Rechts auf freie Meinungs\u00e4u\u00dferung und Information, zur Erf\u00fcllung einer rechtlichen Verpflichtung, aus Gr\u00fcnden des \u00f6ffentlichen Interesses erforderlich ist;<\/li><li>gem\u00e4\u00df Art. 18 DS-GVO die Einschr\u00e4nkung der Verarbeitung Ihrer personenbezogenen Daten zu verlangen, soweit die Richtigkeit der Daten von Ihnen bestritten wird, die Verarbeitung unrechtm\u00e4\u00dfig ist, Sie aber deren L\u00f6schung ablehnen und wir die Daten nicht mehr ben\u00f6tigen, Sie jedoch diese zur Geltendmachung, Aus\u00fcbung oder Verteidigung von Rechtsanspr\u00fcchen ben\u00f6tigen oder Sie gem\u00e4\u00df Art. 21 DSGO Widerspruch gegen die Verarbeitung eingelegt haben;<\/li><li>gem\u00e4\u00df Art. 16 DS-GVO unverz\u00fcglich die Berichtigung unrichtiger oder Vervollst\u00e4ndigung Ihrer bei uns gespeicherten personenbezogenen Daten zu verlangen;<\/li><li>gem\u00e4\u00df Art. 20 DS-GVO Ihre personenbezogenen Daten, die Sie uns bereitgestellt haben, in einem strukturierten, g\u00e4ngigen und maschinenlesbaren Format zu erhalten oder die \u00dcbermittlung an einen anderen Verantwortlichen zu verlangen;<\/li><li>gem\u00e4\u00df Art 21 DS-GVO Widerspruch gegen die Verarbeitung Ihrer personenbezogenen Daten einzulegen, soweit daf\u00fcr Gr\u00fcnde vorliegen, die sich aus Ihrer besonderen Situation ergeben und<\/li><li>gem\u00e4\u00df Art. 77 DS-GVO sich bei einer Aufsichtsbeh\u00f6rde zu beschweren. In der Regel k\u00f6nnen Sie sich hierf\u00fcr an die Aufsichtsbeh\u00f6rde Ihres \u00fcblichen Aufenthaltsortes oder Arbeitsplatzes oder unseres Verbandssitzes wenden.<\/li><\/ul>\n<!-- \/wp:list -->\n\n<!-- wp:paragraph -->\n<p>Die f\u00fcr uns zust\u00e4ndige Datenschutzbeh\u00f6rde ist:<\/p>\n<!-- \/wp:paragraph -->\n\n<!-- wp:paragraph -->\n<p>Name: Bayerisches Landesamt f\u00fcr Datenschutzaufsicht<\/p>\n<!-- \/wp:paragraph -->\n\n<!-- wp:paragraph -->\n<p>Anschrift: Promenade 27, 91522 Ansbach<\/p>\n<!-- \/wp:paragraph -->\n\n<!-- wp:heading {\"level\":5} -->\n<h5><strong><u>Allgemeine Rechtsgrundlagen<\/u><\/strong><\/h5>\n<!-- \/wp:heading -->\n\n<!-- wp:paragraph -->\n<p>Rechtsgrundlagen f\u00fcr die Verarbeitung Ihrer Daten ist Artikel 9 Absatz 2lit. h) DS-GVO in Verbindung mit \u00a722 Abs. 1 Nr. 1 lit. b) BDSG. Bei Fragen k\u00f6nnen Sie sich gern an uns wenden.<\/p>\n<!-- \/wp:paragraph -->","_et_gb_content_width":"","footnotes":""},"class_list":["post-94","page","type-page","status-publish","hentry"],"_links":{"self":[{"href":"https:\/\/www.arztpraxis-huemer-und-braun.de\/index.php?rest_route=\/wp\/v2\/pages\/94","targetHints":{"allow":["GET"]}}],"collection":[{"href":"https:\/\/www.arztpraxis-huemer-und-braun.de\/index.php?rest_route=\/wp\/v2\/pages"}],"about":[{"href":"https:\/\/www.arztpraxis-huemer-und-braun.de\/index.php?rest_route=\/wp\/v2\/types\/page"}],"author":[{"embeddable":true,"href":"https:\/\/www.arztpraxis-huemer-und-braun.de\/index.php?rest_route=\/wp\/v2\/users\/1"}],"replies":[{"embeddable":true,"href":"https:\/\/www.arztpraxis-huemer-und-braun.de\/index.php?rest_route=%2Fwp%2Fv2%2Fcomments&post=94"}],"version-history":[{"count":7,"href":"https:\/\/www.arztpraxis-huemer-und-braun.de\/index.php?rest_route=\/wp\/v2\/pages\/94\/revisions"}],"predecessor-version":[{"id":857,"href":"https:\/\/www.arztpraxis-huemer-und-braun.de\/index.php?rest_route=\/wp\/v2\/pages\/94\/revisions\/857"}],"wp:attachment":[{"href":"https:\/\/www.arztpraxis-huemer-und-braun.de\/index.php?rest_route=%2Fwp%2Fv2%2Fmedia&parent=94"}],"curies":[{"name":"wp","href":"https:\/\/api.w.org\/{rel}","templated":true}]}}